{"id":1527,"date":"2021-02-20T10:09:42","date_gmt":"2021-02-20T09:09:42","guid":{"rendered":"http:\/\/www.pepiniere-des-possibles.fr\/?page_id=1527"},"modified":"2021-02-20T10:09:42","modified_gmt":"2021-02-20T09:09:42","slug":"amap-de-lhelpe-a-la-solre","status":"publish","type":"page","link":"http:\/\/www.pepiniere-des-possibles.fr\/?page_id=1527","title":{"rendered":"Amap de l&rsquo;Helpe \u00e0 la Solre"},"content":{"rendered":"<p>L&rsquo;AMAP du pays de l&rsquo;Helpe \u00e0 la Solre, qu&rsquo;est-ce que c&rsquo;est? Une association pour le Maintien de l&rsquo;Activit\u00e9 Paysanne<\/p>\n<p>Un engagement entre l&rsquo;Amapien et le producteur- L\u2019Amapien est acteur de sa consommation. Il aide au d\u00e9veloppement de l\u2019agriculture paysanne gr\u00e2ce \u00e0 son engagement \u00e0 l\u2019ann\u00e9e aupr\u00e8s d\u2019un producteur. Le mara\u00eecher s&rsquo;engage \u00e0 produire des l\u00e9gumes de qualit\u00e9 dans le respect de la nature.<\/p>\n<p>Une participation et un \u00e9change &#8211; Les Amapiens fa\u00e7onnent leur Amap, cultivent son dynamisme et participent \u00e0 la distribution des paniers et aux chantiers organis\u00e9s chez le producteur. Le mara\u00eecher propose des chantiers participatifs et partage son savoir faire.<\/p>\n<p>Un Respect mutuel &#8211; En s\u2019investissant, l\u2019Amapien favorise l\u2019agriculture paysanne \u00e0 taille humaine et respectueuse de l\u2019environnement. Le mara\u00eecher respecte les rythmes des saisons et favorise une agriculture humaniste de proximit\u00e9.<\/p>\n<p>L\u2019Amap du Pays de l\u2019Helpe \u00e0 la Solre,\u00a0 install\u00e9e sur la commune de Willies, accueille chaque semaine 50 familles pour la distribution des paniers compos\u00e9s de l\u00e9gumes, de pain, d&rsquo;\u0153ufs et de produits laitiers . Nos artisans\u00a0 proposent des paniers de grande qualit\u00e9 nutritive qui respectent notre environnement.<\/p>\n","protected":false},"excerpt":{"rendered":"<p>L&rsquo;AMAP du pays de l&rsquo;Helpe \u00e0 la Solre, qu&rsquo;est-ce que c&rsquo;est? Une association pour le Maintien de l&rsquo;Activit\u00e9 Paysanne Un engagement entre l&rsquo;Amapien et le producteur- L\u2019Amapien est acteur de sa consommation. Il aide au d\u00e9veloppement de l\u2019agriculture paysanne gr\u00e2ce &hellip; <a href=\"http:\/\/www.pepiniere-des-possibles.fr\/?page_id=1527\">Continuer la lecture <span class=\"meta-nav\">&rarr;<\/span><\/a><\/p>\n","protected":false},"author":1,"featured_media":0,"parent":11,"menu_order":0,"comment_status":"closed","ping_status":"closed","template":"","meta":{"jetpack_post_was_ever_published":false,"footnotes":""},"class_list":["post-1527","page","type-page","status-publish","hentry"],"jetpack_sharing_enabled":true,"jetpack_shortlink":"https:\/\/wp.me\/P4XvJ4-oD","jetpack-related-posts":[{"id":52,"url":"http:\/\/www.pepiniere-des-possibles.fr\/?page_id=52","url_meta":{"origin":1527,"position":0},"title":"Amap l\u00e9gumes,  le Jardin de P\u00e9pin","author":"pepiniere","date":"13\/05\/2014","format":false,"excerpt":"https:\/\/www.facebook.com\/mathieupepinmaraicher contrat l\u00e9gumes:\u00a0Contrat legume 2022 un panier correspond \u00e0 la consommation d'une famille de 4 personnes durant une semaine\u00a0\u00a0\u00e0 raison d'un repas par jour Chaque semaine de mai \u00e0 mars,\u00a0vous venez avec\u00a0votre cabas r\u00e9cup\u00e9rer\u00a0votre panier de l\u00e9gumes vari\u00e9s.45 paniers sont disponibles. Au del\u00e0 vous serez accueilli(e) sur liste d\u2019attente, et\u2026","rel":"","context":"Article similaire","block_context":{"text":"Article similaire","link":""},"img":{"alt_text":"","src":"","width":0,"height":0},"classes":[]},{"id":11,"url":"http:\/\/www.pepiniere-des-possibles.fr\/?page_id=11","url_meta":{"origin":1527,"position":1},"title":"la P\u00e9pini\u00e8re des Possibles","author":"pepiniere","date":"10\/05\/2014","format":false,"excerpt":"La P\u00e9pini\u00e8re des Possibles, Cr\u00e9atrice d\u2019Utopies R\u00e9alistes, A pour objet de : Promouvoir, soutenir localement tout projet \u00e9conomique \u00e9quitable, solidaire et respectueux de l\u2019homme et de l\u2019environnement Promouvoir, soutenir, aider le d\u00e9veloppement de toute activit\u00e9 paysanne de proximit\u00e9 respectueuse de l\u2019environnement, permettant, en circuit-court, \u00a0la production et la consommation d\u2019aliments\u2026","rel":"","context":"Article similaire","block_context":{"text":"Article similaire","link":""},"img":{"alt_text":"","src":"","width":0,"height":0},"classes":[]},{"id":796,"url":"http:\/\/www.pepiniere-des-possibles.fr\/?page_id=796","url_meta":{"origin":1527,"position":2},"title":"Amap Produits laitiers,  Ferme des Hirondelles","author":"pepiniere","date":"04\/03\/2018","format":false,"excerpt":"https:\/\/www.facebook.com\/FermeauxhirondellesDompierre Contrat:contrat produits laitiers 2022-23 \"La Ferme aux Hirondelles\" \u00a0est une exploitation paysanne biologique qui transforme du lait\u00a0en fromage au fil des saisons. Maxime et Irina Courtin vous propose une gamme de fromages au lait cru et affin\u00e9s en cave naturelle,identit\u00e9 du terroir avesnois.\u00a0La gamme s\u2019\u00e9tale du camembert \u00e0 la\u2026","rel":"","context":"Article similaire","block_context":{"text":"Article similaire","link":""},"img":{"alt_text":"","src":"","width":0,"height":0},"classes":[]},{"id":793,"url":"http:\/\/www.pepiniere-des-possibles.fr\/?page_id=793","url_meta":{"origin":1527,"position":3},"title":"Amap \u0153ufs et poules du jardin de P\u00e9pin","author":"pepiniere","date":"04\/03\/2018","format":false,"excerpt":"https:\/\/www.facebook.com\/mathieupepinmaraicher contrat \u0153ufs:Contrat oeuf et poule 2021 Ref asso: lamarque.munier@wanadoo.f Depuis plusieurs ann\u00e9e Am\u00e9lie Dupont produisait des \u0153ufs. Elle cessera son activit\u00e9 ce printemps. Mathieu Pepin, prendra la rel\u00e8ve d\u00e8s le printemps 2021. En effet, un petit atelier poule pondeuse se marie bien avec le mara\u00eechage. Un faible effectif de\u2026","rel":"","context":"Article similaire","block_context":{"text":"Article similaire","link":""},"img":{"alt_text":"","src":"","width":0,"height":0},"classes":[]},{"id":772,"url":"http:\/\/www.pepiniere-des-possibles.fr\/?page_id=772","url_meta":{"origin":1527,"position":4},"title":"Adh\u00e9rer","author":"pepiniere","date":"03\/03\/2018","format":false,"excerpt":"Il vous suffit de nous rencontrer et de r\u00e9gler une cotisation annuelle de 10\u20ac. lien vers le formulaire d'adh\u00e9sion:Formulaire_adhesion2021 D\u00e8s lors, vous\u00a0pourrez pr\u00e9tendre \u00e0 un des contrats que nous vous proposons\u00a0\u00a0qui vous lie pendant un an avec un producteur, participer aux ateliers et animations propos\u00e9es et participer \u00e0 la vie\u2026","rel":"","context":"Article similaire","block_context":{"text":"Article similaire","link":""},"img":{"alt_text":"","src":"","width":0,"height":0},"classes":[]},{"id":517,"url":"http:\/\/www.pepiniere-des-possibles.fr\/?page_id=517","url_meta":{"origin":1527,"position":5},"title":"Du Sel au Chuc","author":"pepiniere","date":"26\/12\/2015","format":false,"excerpt":"\u00a0 Naissance d\u2019un SEL, germination d\u2019une id\u00e9e\u2026 L\u2019id\u00e9e de mettre en place un SEL nous a conduit \u00e0 nous poser cette question\u00a0: \u00ab\u00a0Pourquoi un SEL\u00a0? Quelle diff\u00e9rence avec les \u00e9changes que nous pratiquons d\u00e9j\u00e0 avec nos voisins ou amis\u00a0?\u00a0\u00bb \u00c0 vrai dire pas grand-chose. Toutefois il permet \u00e0 chacun d\u2019\u00e9largir\u2026","rel":"","context":"Article similaire","block_context":{"text":"Article similaire","link":""},"img":{"alt_text":"","src":"","width":0,"height":0},"classes":[]}],"jetpack_likes_enabled":true,"_links":{"self":[{"href":"http:\/\/www.pepiniere-des-possibles.fr\/index.php?rest_route=\/wp\/v2\/pages\/1527","targetHints":{"allow":["GET"]}}],"collection":[{"href":"http:\/\/www.pepiniere-des-possibles.fr\/index.php?rest_route=\/wp\/v2\/pages"}],"about":[{"href":"http:\/\/www.pepiniere-des-possibles.fr\/index.php?rest_route=\/wp\/v2\/types\/page"}],"author":[{"embeddable":true,"href":"http:\/\/www.pepiniere-des-possibles.fr\/index.php?rest_route=\/wp\/v2\/users\/1"}],"replies":[{"embeddable":true,"href":"http:\/\/www.pepiniere-des-possibles.fr\/index.php?rest_route=%2Fwp%2Fv2%2Fcomments&post=1527"}],"version-history":[{"count":1,"href":"http:\/\/www.pepiniere-des-possibles.fr\/index.php?rest_route=\/wp\/v2\/pages\/1527\/revisions"}],"predecessor-version":[{"id":1528,"href":"http:\/\/www.pepiniere-des-possibles.fr\/index.php?rest_route=\/wp\/v2\/pages\/1527\/revisions\/1528"}],"up":[{"embeddable":true,"href":"http:\/\/www.pepiniere-des-possibles.fr\/index.php?rest_route=\/wp\/v2\/pages\/11"}],"wp:attachment":[{"href":"http:\/\/www.pepiniere-des-possibles.fr\/index.php?rest_route=%2Fwp%2Fv2%2Fmedia&parent=1527"}],"curies":[{"name":"wp","href":"https:\/\/api.w.org\/{rel}","templated":true}]}}